{"id":1954,"date":"2013-01-10T14:40:46","date_gmt":"2013-01-10T14:40:46","guid":{"rendered":"https:\/\/www.peterlindberg.com\/wp\/?page_id=1954"},"modified":"2016-02-26T10:04:30","modified_gmt":"2016-02-26T10:04:30","slug":"portraits","status":"publish","type":"page","link":"https:\/\/www.peterlindberg.com\/index.php\/portraits\/","title":{"rendered":"Portraits"},"content":{"rendered":"\n\t\t<style type=\"text\/css\">\n\t\t\t#gallery-1 {\n\t\t\t\tmargin: auto;\n\t\t\t}\n\t\t\t#gallery-1 .gallery-item {\n\t\t\t\tfloat: left;\n\t\t\t\tmargin-top: 10px;\n\t\t\t\ttext-align: center;\n\t\t\t\twidth: 25%;\n\t\t\t}\n\t\t\t#gallery-1 img {\n\t\t\t\tborder: 2px solid #cfcfcf;\n\t\t\t}\n\t\t\t#gallery-1 .gallery-caption {\n\t\t\t\tmargin-left: 0;\n\t\t\t}\n\t\t\t\/* see gallery_shortcode() in wp-includes\/media.php *\/\n\t\t<\/style>\n\t\t<div data-carousel-extra='{&quot;blog_id&quot;:1,&quot;permalink&quot;:&quot;https:\/\/www.peterlindberg.com\/index.php\/portraits\/&quot;}' id='gallery-1' class='gallery galleryid-1954 gallery-columns-4 gallery-size-thumbnail'><dl class='gallery-item'>\n\t\t\t<dt class='gallery-icon portrait'>\n\t\t\t\t<a href='https:\/\/www.peterlindberg.com\/wp-content\/uploads\/2013\/01\/DSC5021-Redigera.jpg'><img loading=\"lazy\" decoding=\"async\" width=\"150\" height=\"150\" src=\"https:\/\/www.peterlindberg.com\/wp-content\/uploads\/2013\/01\/DSC5021-Redigera-150x150.jpg\" class=\"attachment-thumbnail size-thumbnail\" alt=\"Alissa - Fotograf Peter Lindberg G\u00f6teborg\" aria-describedby=\"gallery-1-3565\" data-attachment-id=\"3565\" data-permalink=\"https:\/\/www.peterlindberg.com\/index.php\/portraits\/_dsc5021-redigera\/\" data-orig-file=\"https:\/\/www.peterlindberg.com\/wp-content\/uploads\/2013\/01\/DSC5021-Redigera.jpg\" data-orig-size=\"848,1280\" data-comments-opened=\"0\" data-image-meta=\"{&quot;aperture&quot;:&quot;0&quot;,&quot;credit&quot;:&quot;Peter Lindberg&quot;,&quot;camera&quot;:&quot;&quot;,&quot;caption&quot;:&quot;&quot;,&quot;created_timestamp&quot;:&quot;1453481065&quot;,&quot;copyright&quot;:&quot;\\u00a9 Peter Lindberg 2013&quot;,&quot;focal_length&quot;:&quot;0&quot;,&quot;iso&quot;:&quot;0&quot;,&quot;shutter_speed&quot;:&quot;0&quot;,&quot;title&quot;:&quot;&quot;,&quot;orientation&quot;:&quot;0&quot;}\" data-image-title=\"Alissa &amp;#8211; Fotograf Peter Lindberg\" data-image-description=\"&lt;p&gt;Portr\u00e4tt av Alissa &amp;#8211; Fotograf Peter Lindberg G\u00f6teborg&lt;\/p&gt;\n\" data-image-caption=\"&lt;p&gt;Alissa&lt;\/p&gt;\n\" data-large-file=\"https:\/\/www.peterlindberg.com\/wp-content\/uploads\/2013\/01\/DSC5021-Redigera.jpg\" \/><\/a>\n\t\t\t<\/dt>\n\t\t\t\t<dd class='wp-caption-text gallery-caption' id='gallery-1-3565'>\n\t\t\t\tAlissa\n\t\t\t\t<\/dd><\/dl><dl class='gallery-item'>\n\t\t\t<dt class='gallery-icon portrait'>\n\t\t\t\t<a href='https:\/\/www.peterlindberg.com\/wp-content\/uploads\/2013\/01\/DSC4842-Edit.jpg'><img loading=\"lazy\" decoding=\"async\" width=\"150\" height=\"150\" src=\"https:\/\/www.peterlindberg.com\/wp-content\/uploads\/2013\/01\/DSC4842-Edit-150x150.jpg\" class=\"attachment-thumbnail size-thumbnail\" alt=\"Konstn\u00e4r Helene Johansson - Fotograf Peter Lindberg\" aria-describedby=\"gallery-1-3553\" data-attachment-id=\"3553\" data-permalink=\"https:\/\/www.peterlindberg.com\/index.php\/portraits\/_dsc4842-edit\/\" data-orig-file=\"https:\/\/www.peterlindberg.com\/wp-content\/uploads\/2013\/01\/DSC4842-Edit.jpg\" data-orig-size=\"1024,1280\" data-comments-opened=\"0\" data-image-meta=\"{&quot;aperture&quot;:&quot;8&quot;,&quot;credit&quot;:&quot;Peter Lindberg&quot;,&quot;camera&quot;:&quot;NIKON D7000&quot;,&quot;caption&quot;:&quot;&quot;,&quot;created_timestamp&quot;:&quot;1453466851&quot;,&quot;copyright&quot;:&quot;\\u00a9 Peter Lindberg 2013&quot;,&quot;focal_length&quot;:&quot;150&quot;,&quot;iso&quot;:&quot;100&quot;,&quot;shutter_speed&quot;:&quot;0.005&quot;,&quot;title&quot;:&quot;&quot;,&quot;orientation&quot;:&quot;0&quot;}\" data-image-title=\"Konstn\u00e4r Helene Johansson\" data-image-description=\"&lt;p&gt;Portr\u00e4tt av Konstn\u00e4r Helene Johansson &amp;#8211; Fotograf Peter Lindberg&lt;\/p&gt;\n\" data-image-caption=\"&lt;p&gt;Konstn\u00e4r Helene Johansson &lt;\/p&gt;\n\" data-large-file=\"https:\/\/www.peterlindberg.com\/wp-content\/uploads\/2013\/01\/DSC4842-Edit-940x1175.jpg\" \/><\/a>\n\t\t\t<\/dt>\n\t\t\t\t<dd class='wp-caption-text gallery-caption' id='gallery-1-3553'>\n\t\t\t\tKonstn\u00e4r Helene Johansson \n\t\t\t\t<\/dd><\/dl><dl class='gallery-item'>\n\t\t\t<dt class='gallery-icon portrait'>\n\t\t\t\t<a href='https:\/\/www.peterlindberg.com\/wp-content\/uploads\/2013\/01\/DSC4888-Edit-Edit.jpg'><img loading=\"lazy\" decoding=\"async\" width=\"150\" height=\"150\" src=\"https:\/\/www.peterlindberg.com\/wp-content\/uploads\/2013\/01\/DSC4888-Edit-Edit-150x150.jpg\" class=\"attachment-thumbnail size-thumbnail\" alt=\"Fotograf Johan Palmborg fotograferad av Peter Lindberg\" aria-describedby=\"gallery-1-3559\" data-attachment-id=\"3559\" data-permalink=\"https:\/\/www.peterlindberg.com\/index.php\/portraits\/_dsc4888-edit-edit\/\" data-orig-file=\"https:\/\/www.peterlindberg.com\/wp-content\/uploads\/2013\/01\/DSC4888-Edit-Edit.jpg\" data-orig-size=\"848,1280\" data-comments-opened=\"0\" data-image-meta=\"{&quot;aperture&quot;:&quot;0&quot;,&quot;credit&quot;:&quot;Peter Lindberg&quot;,&quot;camera&quot;:&quot;&quot;,&quot;caption&quot;:&quot;&quot;,&quot;created_timestamp&quot;:&quot;1453476480&quot;,&quot;copyright&quot;:&quot;\\u00a9 Peter Lindberg 2013&quot;,&quot;focal_length&quot;:&quot;0&quot;,&quot;iso&quot;:&quot;0&quot;,&quot;shutter_speed&quot;:&quot;0&quot;,&quot;title&quot;:&quot;&quot;,&quot;orientation&quot;:&quot;0&quot;}\" data-image-title=\"Johan Palmborg &amp;#8211; Fotograf Peter Lindberg\" data-image-description=\"&lt;p&gt;Fotograf Johan Palmborg fotograferad av Peter Lindberg&lt;\/p&gt;\n\" data-image-caption=\"&lt;p&gt;Johan Palmborg&lt;\/p&gt;\n\" data-large-file=\"https:\/\/www.peterlindberg.com\/wp-content\/uploads\/2013\/01\/DSC4888-Edit-Edit.jpg\" \/><\/a>\n\t\t\t<\/dt>\n\t\t\t\t<dd class='wp-caption-text gallery-caption' id='gallery-1-3559'>\n\t\t\t\tJohan Palmborg\n\t\t\t\t<\/dd><\/dl><dl class='gallery-item'>\n\t\t\t<dt class='gallery-icon portrait'>\n\t\t\t\t<a href='https:\/\/www.peterlindberg.com\/wp-content\/uploads\/2013\/01\/DSC4910-Redigera.jpg'><img loading=\"lazy\" decoding=\"async\" width=\"150\" height=\"150\" src=\"https:\/\/www.peterlindberg.com\/wp-content\/uploads\/2013\/01\/DSC4910-Redigera-150x150.jpg\" class=\"attachment-thumbnail size-thumbnail\" alt=\"Alissa - Fotograf Peter Lindberg G\u00f6teborg\" aria-describedby=\"gallery-1-3561\" data-attachment-id=\"3561\" data-permalink=\"https:\/\/www.peterlindberg.com\/index.php\/portraits\/_dsc4910-redigera\/\" data-orig-file=\"https:\/\/www.peterlindberg.com\/wp-content\/uploads\/2013\/01\/DSC4910-Redigera.jpg\" data-orig-size=\"848,1280\" data-comments-opened=\"0\" data-image-meta=\"{&quot;aperture&quot;:&quot;0&quot;,&quot;credit&quot;:&quot;Peter Lindberg&quot;,&quot;camera&quot;:&quot;&quot;,&quot;caption&quot;:&quot;&quot;,&quot;created_timestamp&quot;:&quot;1453477615&quot;,&quot;copyright&quot;:&quot;\\u00a9 Peter Lindberg 2013&quot;,&quot;focal_length&quot;:&quot;0&quot;,&quot;iso&quot;:&quot;0&quot;,&quot;shutter_speed&quot;:&quot;0&quot;,&quot;title&quot;:&quot;&quot;,&quot;orientation&quot;:&quot;0&quot;}\" data-image-title=\"Alissa &amp;#8211; Fotograf Peter Lindberg\" data-image-description=\"&lt;p&gt;Portr\u00e4tt av Alissa &amp;#8211; Fotograf Peter Lindberg G\u00f6teborg&lt;\/p&gt;\n\" data-image-caption=\"&lt;p&gt;Alissa&lt;\/p&gt;\n\" data-large-file=\"https:\/\/www.peterlindberg.com\/wp-content\/uploads\/2013\/01\/DSC4910-Redigera.jpg\" \/><\/a>\n\t\t\t<\/dt>\n\t\t\t\t<dd class='wp-caption-text gallery-caption' id='gallery-1-3561'>\n\t\t\t\tAlissa\n\t\t\t\t<\/dd><\/dl><br style=\"clear: both\" \/><dl class='gallery-item'>\n\t\t\t<dt class='gallery-icon portrait'>\n\t\t\t\t<a href='https:\/\/www.peterlindberg.com\/wp-content\/uploads\/2013\/01\/20131227-318_1280.jpg'><img loading=\"lazy\" decoding=\"async\" width=\"150\" height=\"150\" src=\"https:\/\/www.peterlindberg.com\/wp-content\/uploads\/2013\/01\/20131227-318_1280-150x150.jpg\" class=\"attachment-thumbnail size-thumbnail\" alt=\"Portr\u00e4ttfoto f\u00f6r hemsidan, Litigate Advokatbyr\u00e5. Fotograf Peter Lindberg G\u00f6teborg\" aria-describedby=\"gallery-1-2878\" data-attachment-id=\"2878\" data-permalink=\"https:\/\/www.peterlindberg.com\/index.php\/portraits\/20131227-318_1280\/\" data-orig-file=\"https:\/\/www.peterlindberg.com\/wp-content\/uploads\/2013\/01\/20131227-318_1280.jpg\" data-orig-size=\"960,1280\" data-comments-opened=\"0\" data-image-meta=\"{&quot;aperture&quot;:&quot;8&quot;,&quot;credit&quot;:&quot;Peter Lindberg&quot;,&quot;camera&quot;:&quot;NIKON D7000&quot;,&quot;caption&quot;:&quot;&quot;,&quot;created_timestamp&quot;:&quot;1388142008&quot;,&quot;copyright&quot;:&quot;\\u00a9 Peter Lindberg 2013&quot;,&quot;focal_length&quot;:&quot;102&quot;,&quot;iso&quot;:&quot;100&quot;,&quot;shutter_speed&quot;:&quot;0.005&quot;,&quot;title&quot;:&quot;&quot;}\" data-image-title=\"Litigate &amp;#8211; Annelie\" data-image-description=\"&lt;p&gt;Litigate Advokatbyr\u00e5 i G\u00f6teborg sysslar med business law, avtal, f\u00f6rlikningar med mera. Uppdrag genom Xlnt Communication.&lt;\/p&gt;\n\" data-image-caption=\"&lt;p&gt;Litegate Advokatbyr\u00e5&lt;\/p&gt;\n\" data-large-file=\"https:\/\/www.peterlindberg.com\/wp-content\/uploads\/2013\/01\/20131227-318_1280-940x1253.jpg\" \/><\/a>\n\t\t\t<\/dt>\n\t\t\t\t<dd class='wp-caption-text gallery-caption' id='gallery-1-2878'>\n\t\t\t\tLitegate Advokatbyr\u00e5\n\t\t\t\t<\/dd><\/dl><dl class='gallery-item'>\n\t\t\t<dt class='gallery-icon landscape'>\n\t\t\t\t<a href='https:\/\/www.peterlindberg.com\/wp-content\/uploads\/2013\/01\/page1-1001-full.jpg'><img loading=\"lazy\" decoding=\"async\" width=\"150\" height=\"150\" src=\"https:\/\/www.peterlindberg.com\/wp-content\/uploads\/2013\/01\/page1-1001-full-150x150.jpg\" class=\"attachment-thumbnail size-thumbnail\" alt=\"The Handshake - 413 UniForm\/Kronans Droghandel: Tidningen Kanalen - Fotograf Peter Lindberg\" aria-describedby=\"gallery-1-1956\" data-attachment-id=\"1956\" data-permalink=\"https:\/\/www.peterlindberg.com\/index.php\/portraits\/page1-1001-full\/\" data-orig-file=\"https:\/\/www.peterlindberg.com\/wp-content\/uploads\/2013\/01\/page1-1001-full.jpg\" data-orig-size=\"888,601\" data-comments-opened=\"0\" data-image-meta=\"{&quot;aperture&quot;:&quot;0&quot;,&quot;credit&quot;:&quot;&quot;,&quot;camera&quot;:&quot;&quot;,&quot;caption&quot;:&quot;&quot;,&quot;created_timestamp&quot;:&quot;0&quot;,&quot;copyright&quot;:&quot;&quot;,&quot;focal_length&quot;:&quot;0&quot;,&quot;iso&quot;:&quot;0&quot;,&quot;shutter_speed&quot;:&quot;0&quot;,&quot;title&quot;:&quot;&quot;}\" data-image-title=\"The Handshake &amp;#8211; Fotograf Peter Lindberg\" data-image-description=\"\" data-image-caption=\"&lt;p&gt;The Handshake &amp;#8211; UniForm Reklambyr\u00e5&lt;\/p&gt;\n\" data-large-file=\"https:\/\/www.peterlindberg.com\/wp-content\/uploads\/2013\/01\/page1-1001-full.jpg\" \/><\/a>\n\t\t\t<\/dt>\n\t\t\t\t<dd class='wp-caption-text gallery-caption' id='gallery-1-1956'>\n\t\t\t\tThe Handshake &#8211; UniForm Reklambyr\u00e5\n\t\t\t\t<\/dd><\/dl><dl class='gallery-item'>\n\t\t\t<dt class='gallery-icon portrait'>\n\t\t\t\t<a href='https:\/\/www.peterlindberg.com\/wp-content\/uploads\/2013\/01\/DSC4777-Redigera.jpg'><img loading=\"lazy\" decoding=\"async\" width=\"150\" height=\"150\" src=\"https:\/\/www.peterlindberg.com\/wp-content\/uploads\/2013\/01\/DSC4777-Redigera-150x150.jpg\" class=\"attachment-thumbnail size-thumbnail\" alt=\"Konstn\u00e4r Helene Johansson - Fotograf Peter Lindberg\" aria-describedby=\"gallery-1-3550\" data-attachment-id=\"3550\" data-permalink=\"https:\/\/www.peterlindberg.com\/index.php\/portraits\/_dsc4777-redigera\/\" data-orig-file=\"https:\/\/www.peterlindberg.com\/wp-content\/uploads\/2013\/01\/DSC4777-Redigera.jpg\" data-orig-size=\"960,1280\" data-comments-opened=\"0\" data-image-meta=\"{&quot;aperture&quot;:&quot;9&quot;,&quot;credit&quot;:&quot;Peter Lindberg&quot;,&quot;camera&quot;:&quot;NIKON D7000&quot;,&quot;caption&quot;:&quot;&quot;,&quot;created_timestamp&quot;:&quot;1453464523&quot;,&quot;copyright&quot;:&quot;\\u00a9 Peter Lindberg 2013&quot;,&quot;focal_length&quot;:&quot;34&quot;,&quot;iso&quot;:&quot;100&quot;,&quot;shutter_speed&quot;:&quot;0.005&quot;,&quot;title&quot;:&quot;&quot;,&quot;orientation&quot;:&quot;0&quot;}\" data-image-title=\"Konstn\u00e4r Helene Johansson\" data-image-description=\"&lt;p&gt;Portr\u00e4tt av Konstn\u00e4r Helene Johansson &amp;#8211; Fotograf Peter Lindberg&lt;\/p&gt;\n\" data-image-caption=\"&lt;p&gt;Konstn\u00e4r Helene Johansson &lt;\/p&gt;\n\" data-large-file=\"https:\/\/www.peterlindberg.com\/wp-content\/uploads\/2013\/01\/DSC4777-Redigera-940x1253.jpg\" \/><\/a>\n\t\t\t<\/dt>\n\t\t\t\t<dd class='wp-caption-text gallery-caption' id='gallery-1-3550'>\n\t\t\t\tKonstn\u00e4r Helene Johansson \n\t\t\t\t<\/dd><\/dl><dl class='gallery-item'>\n\t\t\t<dt class='gallery-icon portrait'>\n\t\t\t\t<a href='https:\/\/www.peterlindberg.com\/wp-content\/uploads\/2013\/01\/page5-1014-full.jpg'><img loading=\"lazy\" decoding=\"async\" width=\"150\" height=\"150\" src=\"https:\/\/www.peterlindberg.com\/wp-content\/uploads\/2013\/01\/page5-1014-full-150x150.jpg\" class=\"attachment-thumbnail size-thumbnail\" alt=\"Isaak - portr\u00e4tt av en musiker p\u00e5 v\u00e4g fram\u00e5t. - Fotograf Peter Lindberg\" aria-describedby=\"gallery-1-1958\" data-attachment-id=\"1958\" data-permalink=\"https:\/\/www.peterlindberg.com\/index.php\/portraits\/page5-1014-full\/\" data-orig-file=\"https:\/\/www.peterlindberg.com\/wp-content\/uploads\/2013\/01\/page5-1014-full.jpg\" data-orig-size=\"399,601\" data-comments-opened=\"0\" data-image-meta=\"{&quot;aperture&quot;:&quot;0&quot;,&quot;credit&quot;:&quot;&quot;,&quot;camera&quot;:&quot;&quot;,&quot;caption&quot;:&quot;&quot;,&quot;created_timestamp&quot;:&quot;0&quot;,&quot;copyright&quot;:&quot;&quot;,&quot;focal_length&quot;:&quot;0&quot;,&quot;iso&quot;:&quot;0&quot;,&quot;shutter_speed&quot;:&quot;0&quot;,&quot;title&quot;:&quot;&quot;}\" data-image-title=\"Isaak &amp;#8211; Fotograf Peter Lindberg\" data-image-description=\"\" data-image-caption=\"&lt;p&gt;Isaak &amp;#8211; rocker and  singer\/songwriter&lt;\/p&gt;\n\" data-large-file=\"https:\/\/www.peterlindberg.com\/wp-content\/uploads\/2013\/01\/page5-1014-full.jpg\" \/><\/a>\n\t\t\t<\/dt>\n\t\t\t\t<dd class='wp-caption-text gallery-caption' id='gallery-1-1958'>\n\t\t\t\tIsaak &#8211; rocker and  singer\/songwriter\n\t\t\t\t<\/dd><\/dl><br style=\"clear: both\" \/><dl class='gallery-item'>\n\t\t\t<dt class='gallery-icon portrait'>\n\t\t\t\t<a href='https:\/\/www.peterlindberg.com\/wp-content\/uploads\/2013\/01\/dsc_0213.jpg'><img loading=\"lazy\" decoding=\"async\" width=\"150\" height=\"150\" src=\"https:\/\/www.peterlindberg.com\/wp-content\/uploads\/2013\/01\/dsc_0213-150x150.jpg\" class=\"attachment-thumbnail size-thumbnail\" alt=\"Portr\u00e4tt av Karin A - Fotograf Peter Lindberg\" aria-describedby=\"gallery-1-2123\" data-attachment-id=\"2123\" data-permalink=\"https:\/\/www.peterlindberg.com\/index.php\/portraits\/dsc_0213\/\" data-orig-file=\"https:\/\/www.peterlindberg.com\/wp-content\/uploads\/2013\/01\/dsc_0213.jpg\" data-orig-size=\"560,840\" data-comments-opened=\"0\" data-image-meta=\"{&quot;aperture&quot;:&quot;0&quot;,&quot;credit&quot;:&quot;&quot;,&quot;camera&quot;:&quot;&quot;,&quot;caption&quot;:&quot;&quot;,&quot;created_timestamp&quot;:&quot;0&quot;,&quot;copyright&quot;:&quot;&quot;,&quot;focal_length&quot;:&quot;0&quot;,&quot;iso&quot;:&quot;0&quot;,&quot;shutter_speed&quot;:&quot;0&quot;,&quot;title&quot;:&quot;&quot;}\" data-image-title=\"Portr\u00e4tt av Karin A &amp;#8211; Fotograf Peter Lindberg\" data-image-description=\"\" data-image-caption=\"&lt;p&gt;Portr\u00e4tt av Karin A&lt;\/p&gt;\n\" data-large-file=\"https:\/\/www.peterlindberg.com\/wp-content\/uploads\/2013\/01\/dsc_0213.jpg\" \/><\/a>\n\t\t\t<\/dt>\n\t\t\t\t<dd class='wp-caption-text gallery-caption' id='gallery-1-2123'>\n\t\t\t\tPortr\u00e4tt av Karin A\n\t\t\t\t<\/dd><\/dl><dl class='gallery-item'>\n\t\t\t<dt class='gallery-icon portrait'>\n\t\t\t\t<a href='https:\/\/www.peterlindberg.com\/wp-content\/uploads\/2013\/01\/page5-1017-full.jpg'><img loading=\"lazy\" decoding=\"async\" width=\"150\" height=\"150\" src=\"https:\/\/www.peterlindberg.com\/wp-content\/uploads\/2013\/01\/page5-1017-full-150x150.jpg\" class=\"attachment-thumbnail size-thumbnail\" alt=\"DJ Danny K is a proteg\u00e9 of legendary DJ Larry Levan - Photographer Peter Lindberg\" aria-describedby=\"gallery-1-1959\" data-attachment-id=\"1959\" data-permalink=\"https:\/\/www.peterlindberg.com\/index.php\/portraits\/page5-1017-full\/\" data-orig-file=\"https:\/\/www.peterlindberg.com\/wp-content\/uploads\/2013\/01\/page5-1017-full.jpg\" data-orig-size=\"400,600\" data-comments-opened=\"0\" data-image-meta=\"{&quot;aperture&quot;:&quot;0&quot;,&quot;credit&quot;:&quot;&quot;,&quot;camera&quot;:&quot;&quot;,&quot;caption&quot;:&quot;&quot;,&quot;created_timestamp&quot;:&quot;0&quot;,&quot;copyright&quot;:&quot;&quot;,&quot;focal_length&quot;:&quot;0&quot;,&quot;iso&quot;:&quot;0&quot;,&quot;shutter_speed&quot;:&quot;0&quot;,&quot;title&quot;:&quot;&quot;}\" data-image-title=\"DJ Danny K &amp;#8211; Fotograf Peter Lindberg\" data-image-description=\"\" data-image-caption=\"&lt;p&gt;Danny Krivit &amp;#8211; Well-known NYC DJ&lt;\/p&gt;\n\" data-large-file=\"https:\/\/www.peterlindberg.com\/wp-content\/uploads\/2013\/01\/page5-1017-full.jpg\" \/><\/a>\n\t\t\t<\/dt>\n\t\t\t\t<dd class='wp-caption-text gallery-caption' id='gallery-1-1959'>\n\t\t\t\tDanny Krivit &#8211; Well-known NYC DJ\n\t\t\t\t<\/dd><\/dl><dl class='gallery-item'>\n\t\t\t<dt class='gallery-icon landscape'>\n\t\t\t\t<a href='https:\/\/www.peterlindberg.com\/wp-content\/uploads\/2013\/01\/2012_DSC6327.jpg'><img loading=\"lazy\" decoding=\"async\" width=\"150\" height=\"150\" src=\"https:\/\/www.peterlindberg.com\/wp-content\/uploads\/2013\/01\/2012_DSC6327-150x150.jpg\" class=\"attachment-thumbnail size-thumbnail\" alt=\"Lotus Seven replika and its owner at Kinnekulle Ring - Fotograf Peter Lindberg\" aria-describedby=\"gallery-1-2007\" data-attachment-id=\"2007\" data-permalink=\"https:\/\/www.peterlindberg.com\/index.php\/portraits\/2012_dsc6327\/\" data-orig-file=\"https:\/\/www.peterlindberg.com\/wp-content\/uploads\/2013\/01\/2012_DSC6327.jpg\" data-orig-size=\"1024,678\" data-comments-opened=\"0\" data-image-meta=\"{&quot;aperture&quot;:&quot;11&quot;,&quot;credit&quot;:&quot;Peter Lindberg Photogrphy&quot;,&quot;camera&quot;:&quot;NIKON D7000&quot;,&quot;caption&quot;:&quot;&quot;,&quot;created_timestamp&quot;:&quot;1341669619&quot;,&quot;copyright&quot;:&quot;Peter Lindberg Photography&quot;,&quot;focal_length&quot;:&quot;26&quot;,&quot;iso&quot;:&quot;200&quot;,&quot;shutter_speed&quot;:&quot;0.004&quot;,&quot;title&quot;:&quot;&quot;}\" data-image-title=\"Car and Driver &amp;#8211; Locost Sweden &amp;#8211; Fotograf Peter Lindberg\" data-image-description=\"&lt;p&gt;Lotus Seven replika and its owner at Kinnekulle Ring &amp;#8211; Fotograf Peter Lindberg&lt;\/p&gt;\n\" data-image-caption=\"&lt;p&gt;Car and Driver &amp;#8211; Locost Sweden&lt;\/p&gt;\n\" data-large-file=\"https:\/\/www.peterlindberg.com\/wp-content\/uploads\/2013\/01\/2012_DSC6327-940x622.jpg\" \/><\/a>\n\t\t\t<\/dt>\n\t\t\t\t<dd class='wp-caption-text gallery-caption' id='gallery-1-2007'>\n\t\t\t\tCar and Driver &#8211; Locost Sweden\n\t\t\t\t<\/dd><\/dl><dl class='gallery-item'>\n\t\t\t<dt class='gallery-icon portrait'>\n\t\t\t\t<a href='https:\/\/www.peterlindberg.com\/wp-content\/uploads\/2013\/01\/img181.jpg'><img loading=\"lazy\" decoding=\"async\" width=\"150\" height=\"150\" src=\"https:\/\/www.peterlindberg.com\/wp-content\/uploads\/2013\/01\/img181-150x150.jpg\" class=\"attachment-thumbnail size-thumbnail\" alt=\"Farfar - Fotograf Peter Lindberg\" aria-describedby=\"gallery-1-2699\" data-attachment-id=\"2699\" data-permalink=\"https:\/\/www.peterlindberg.com\/index.php\/portraits\/img181\/\" data-orig-file=\"https:\/\/www.peterlindberg.com\/wp-content\/uploads\/2013\/01\/img181.jpg\" data-orig-size=\"955,1280\" data-comments-opened=\"0\" data-image-meta=\"{&quot;aperture&quot;:&quot;0&quot;,&quot;credit&quot;:&quot;&quot;,&quot;camera&quot;:&quot;&quot;,&quot;caption&quot;:&quot;&quot;,&quot;created_timestamp&quot;:&quot;0&quot;,&quot;copyright&quot;:&quot;&quot;,&quot;focal_length&quot;:&quot;0&quot;,&quot;iso&quot;:&quot;0&quot;,&quot;shutter_speed&quot;:&quot;0&quot;,&quot;title&quot;:&quot;&quot;}\" data-image-title=\"Grandpa&amp;#8217; 1921 &amp;#8211; 1996\" data-image-description=\"&lt;p&gt;Ett fotografi av min farfar ca 1 \u00e5r innan hans d\u00f6d. Precis s\u00e5dan som jag vill minnas honom.&lt;\/p&gt;\n\" data-image-caption=\"&lt;p&gt;Farfar&lt;\/p&gt;\n\" data-large-file=\"https:\/\/www.peterlindberg.com\/wp-content\/uploads\/2013\/01\/img181-940x1259.jpg\" \/><\/a>\n\t\t\t<\/dt>\n\t\t\t\t<dd class='wp-caption-text gallery-caption' id='gallery-1-2699'>\n\t\t\t\tFarfar\n\t\t\t\t<\/dd><\/dl><br style=\"clear: both\" \/><dl class='gallery-item'>\n\t\t\t<dt class='gallery-icon landscape'>\n\t\t\t\t<a href='https:\/\/www.peterlindberg.com\/wp-content\/uploads\/2013\/01\/dsc_0266-copy.jpg'><img loading=\"lazy\" decoding=\"async\" width=\"150\" height=\"150\" src=\"https:\/\/www.peterlindberg.com\/wp-content\/uploads\/2013\/01\/dsc_0266-copy-150x150.jpg\" class=\"attachment-thumbnail size-thumbnail\" alt=\"Portr\u00e4tt av Karin A - Fotograf Peter Lindberg\" aria-describedby=\"gallery-1-1955\" data-attachment-id=\"1955\" data-permalink=\"https:\/\/www.peterlindberg.com\/index.php\/portraits\/dsc_0266-copy\/\" data-orig-file=\"https:\/\/www.peterlindberg.com\/wp-content\/uploads\/2013\/01\/dsc_0266-copy.jpg\" data-orig-size=\"3008,2000\" data-comments-opened=\"0\" data-image-meta=\"{&quot;aperture&quot;:&quot;18&quot;,&quot;credit&quot;:&quot;&quot;,&quot;camera&quot;:&quot;NIKON D70&quot;,&quot;caption&quot;:&quot;&quot;,&quot;created_timestamp&quot;:&quot;1116774083&quot;,&quot;copyright&quot;:&quot;&quot;,&quot;focal_length&quot;:&quot;14&quot;,&quot;iso&quot;:&quot;800&quot;,&quot;shutter_speed&quot;:&quot;0.002&quot;,&quot;title&quot;:&quot;&quot;}\" data-image-title=\"Portr\u00e4tt av Karin A &amp;#8211; Fotograf Peter Lindberg\" data-image-description=\"\" data-image-caption=\"&lt;p&gt;Portr\u00e4tt av Karin A&lt;\/p&gt;\n\" data-large-file=\"https:\/\/www.peterlindberg.com\/wp-content\/uploads\/2013\/01\/dsc_0266-copy-940x625.jpg\" \/><\/a>\n\t\t\t<\/dt>\n\t\t\t\t<dd class='wp-caption-text gallery-caption' id='gallery-1-1955'>\n\t\t\t\tPortr\u00e4tt av Karin A\n\t\t\t\t<\/dd><\/dl><dl class='gallery-item'>\n\t\t\t<dt class='gallery-icon portrait'>\n\t\t\t\t<a href='https:\/\/www.peterlindberg.com\/wp-content\/uploads\/2013\/01\/DSC4926-Redigera.jpg'><img loading=\"lazy\" decoding=\"async\" width=\"150\" height=\"150\" src=\"https:\/\/www.peterlindberg.com\/wp-content\/uploads\/2013\/01\/DSC4926-Redigera-150x150.jpg\" class=\"attachment-thumbnail size-thumbnail\" alt=\"Alissa - Fotograf Peter Lindberg G\u00f6teborg\" aria-describedby=\"gallery-1-3562\" data-attachment-id=\"3562\" data-permalink=\"https:\/\/www.peterlindberg.com\/index.php\/portraits\/_dsc4926-redigera\/\" data-orig-file=\"https:\/\/www.peterlindberg.com\/wp-content\/uploads\/2013\/01\/DSC4926-Redigera.jpg\" data-orig-size=\"848,1280\" data-comments-opened=\"0\" data-image-meta=\"{&quot;aperture&quot;:&quot;0&quot;,&quot;credit&quot;:&quot;Peter Lindberg&quot;,&quot;camera&quot;:&quot;&quot;,&quot;caption&quot;:&quot;&quot;,&quot;created_timestamp&quot;:&quot;1453477723&quot;,&quot;copyright&quot;:&quot;\\u00a9 Peter Lindberg 2013&quot;,&quot;focal_length&quot;:&quot;0&quot;,&quot;iso&quot;:&quot;0&quot;,&quot;shutter_speed&quot;:&quot;0&quot;,&quot;title&quot;:&quot;&quot;,&quot;orientation&quot;:&quot;0&quot;}\" data-image-title=\"Alissa &amp;#8211; Fotograf Peter Lindberg\" data-image-description=\"&lt;p&gt;Portr\u00e4tt av Alissa &amp;#8211; Fotograf Peter Lindberg G\u00f6teborg&lt;\/p&gt;\n\" data-image-caption=\"&lt;p&gt;Alissa&lt;\/p&gt;\n\" data-large-file=\"https:\/\/www.peterlindberg.com\/wp-content\/uploads\/2013\/01\/DSC4926-Redigera.jpg\" \/><\/a>\n\t\t\t<\/dt>\n\t\t\t\t<dd class='wp-caption-text gallery-caption' id='gallery-1-3562'>\n\t\t\t\tAlissa\n\t\t\t\t<\/dd><\/dl><dl class='gallery-item'>\n\t\t\t<dt class='gallery-icon portrait'>\n\t\t\t\t<a href='https:\/\/www.peterlindberg.com\/wp-content\/uploads\/2013\/01\/DSC_2348.jpg'><img loading=\"lazy\" decoding=\"async\" width=\"150\" height=\"150\" src=\"https:\/\/www.peterlindberg.com\/wp-content\/uploads\/2013\/01\/DSC_2348-150x150.jpg\" class=\"attachment-thumbnail size-thumbnail\" alt=\"Frida - Fotograf Peter Lindberg G\u00f6teborg\" aria-describedby=\"gallery-1-2611\" data-attachment-id=\"2611\" data-permalink=\"https:\/\/www.peterlindberg.com\/index.php\/portraits\/dsc_2348\/\" data-orig-file=\"https:\/\/www.peterlindberg.com\/wp-content\/uploads\/2013\/01\/DSC_2348.jpg\" data-orig-size=\"681,1024\" data-comments-opened=\"0\" data-image-meta=\"{&quot;aperture&quot;:&quot;2.8&quot;,&quot;credit&quot;:&quot;&quot;,&quot;camera&quot;:&quot;NIKON D70&quot;,&quot;caption&quot;:&quot;&quot;,&quot;created_timestamp&quot;:&quot;1157053621&quot;,&quot;copyright&quot;:&quot;&quot;,&quot;focal_length&quot;:&quot;125&quot;,&quot;iso&quot;:&quot;200&quot;,&quot;shutter_speed&quot;:&quot;0.1&quot;,&quot;title&quot;:&quot;&quot;}\" data-image-title=\"Frida &amp;#8211; Fotograf Peter Lindberg\" data-image-description=\"&lt;p&gt;Frida &amp;#8211; Fotograf Peter Lindberg portr\u00e4ttfoto g\u00f6teborg&lt;\/p&gt;\n\" data-image-caption=\"&lt;p&gt;Frida&lt;\/p&gt;\n\" data-large-file=\"https:\/\/www.peterlindberg.com\/wp-content\/uploads\/2013\/01\/DSC_2348.jpg\" \/><\/a>\n\t\t\t<\/dt>\n\t\t\t\t<dd class='wp-caption-text gallery-caption' id='gallery-1-2611'>\n\t\t\t\tFrida\n\t\t\t\t<\/dd><\/dl><dl class='gallery-item'>\n\t\t\t<dt class='gallery-icon portrait'>\n\t\t\t\t<a href='https:\/\/www.peterlindberg.com\/wp-content\/uploads\/2013\/01\/20131227-092_1280.jpg'><img loading=\"lazy\" decoding=\"async\" width=\"150\" height=\"150\" src=\"https:\/\/www.peterlindberg.com\/wp-content\/uploads\/2013\/01\/20131227-092_1280-150x150.jpg\" class=\"attachment-thumbnail size-thumbnail\" alt=\"Portr\u00e4ttfoto f\u00f6r hemsidan, Litigate Advokatbyr\u00e5. Fotograf Peter Lindberg G\u00f6teborg\" aria-describedby=\"gallery-1-2873\" data-attachment-id=\"2873\" data-permalink=\"https:\/\/www.peterlindberg.com\/index.php\/portraits\/20131227-092_1280\/\" data-orig-file=\"https:\/\/www.peterlindberg.com\/wp-content\/uploads\/2013\/01\/20131227-092_1280.jpg\" data-orig-size=\"960,1280\" data-comments-opened=\"0\" data-image-meta=\"{&quot;aperture&quot;:&quot;8&quot;,&quot;credit&quot;:&quot;Peter Lindberg&quot;,&quot;camera&quot;:&quot;NIKON D7000&quot;,&quot;caption&quot;:&quot;&quot;,&quot;created_timestamp&quot;:&quot;1388140042&quot;,&quot;copyright&quot;:&quot;\\u00a9 Peter Lindberg 2013&quot;,&quot;focal_length&quot;:&quot;90&quot;,&quot;iso&quot;:&quot;100&quot;,&quot;shutter_speed&quot;:&quot;0.005&quot;,&quot;title&quot;:&quot;&quot;}\" data-image-title=\"Litigate &amp;#8211; Mikael\" data-image-description=\"&lt;p&gt;Litigate Advokatbyr\u00e5 i G\u00f6teborg sysslar med business law, avtal, f\u00f6rlikningar med mera. Uppdrag genom Xlnt Communication.&lt;\/p&gt;\n\" data-image-caption=\"&lt;p&gt;Litegate Advokatbyr\u00e5&lt;\/p&gt;\n\" data-large-file=\"https:\/\/www.peterlindberg.com\/wp-content\/uploads\/2013\/01\/20131227-092_1280-940x1253.jpg\" \/><\/a>\n\t\t\t<\/dt>\n\t\t\t\t<dd class='wp-caption-text gallery-caption' id='gallery-1-2873'>\n\t\t\t\tLitegate Advokatbyr\u00e5\n\t\t\t\t<\/dd><\/dl><br style=\"clear: both\" \/><dl class='gallery-item'>\n\t\t\t<dt class='gallery-icon landscape'>\n\t\t\t\t<a href='https:\/\/www.peterlindberg.com\/wp-content\/uploads\/2013\/01\/page5-1009-full.jpg'><img loading=\"lazy\" decoding=\"async\" width=\"150\" height=\"150\" src=\"https:\/\/www.peterlindberg.com\/wp-content\/uploads\/2013\/01\/page5-1009-full-150x150.jpg\" class=\"attachment-thumbnail size-thumbnail\" alt=\"Dubbel-portr\u00e4tt f\u00f6r Tidningen Kanalen, 413 UniForm - Fotograf Peter Lindberg\" aria-describedby=\"gallery-1-1957\" data-attachment-id=\"1957\" data-permalink=\"https:\/\/www.peterlindberg.com\/index.php\/portraits\/page5-1009-full\/\" data-orig-file=\"https:\/\/www.peterlindberg.com\/wp-content\/uploads\/2013\/01\/page5-1009-full.jpg\" data-orig-size=\"903,600\" data-comments-opened=\"0\" data-image-meta=\"{&quot;aperture&quot;:&quot;0&quot;,&quot;credit&quot;:&quot;&quot;,&quot;camera&quot;:&quot;&quot;,&quot;caption&quot;:&quot;&quot;,&quot;created_timestamp&quot;:&quot;0&quot;,&quot;copyright&quot;:&quot;&quot;,&quot;focal_length&quot;:&quot;0&quot;,&quot;iso&quot;:&quot;0&quot;,&quot;shutter_speed&quot;:&quot;0&quot;,&quot;title&quot;:&quot;&quot;}\" data-image-title=\"Kanalen f\u00f6r 413 UniForm &amp;#8211; Fotograf Peter Lindberg\" data-image-description=\"\" data-image-caption=\"&lt;p&gt;Kanalen f\u00f6r 413 UniForm&lt;\/p&gt;\n\" data-large-file=\"https:\/\/www.peterlindberg.com\/wp-content\/uploads\/2013\/01\/page5-1009-full.jpg\" \/><\/a>\n\t\t\t<\/dt>\n\t\t\t\t<dd class='wp-caption-text gallery-caption' id='gallery-1-1957'>\n\t\t\t\tKanalen f\u00f6r 413 UniForm\n\t\t\t\t<\/dd><\/dl><dl class='gallery-item'>\n\t\t\t<dt class='gallery-icon landscape'>\n\t\t\t\t<a href='https:\/\/www.peterlindberg.com\/wp-content\/uploads\/2013\/01\/DSC4687.jpg'><img loading=\"lazy\" decoding=\"async\" width=\"150\" height=\"150\" src=\"https:\/\/www.peterlindberg.com\/wp-content\/uploads\/2013\/01\/DSC4687-150x150.jpg\" class=\"attachment-thumbnail size-thumbnail\" alt=\"Fotograf Johan Palmborg fotograferad av Peter Lindberg\" aria-describedby=\"gallery-1-3558\" data-attachment-id=\"3558\" data-permalink=\"https:\/\/www.peterlindberg.com\/index.php\/portraits\/_dsc4687\/\" data-orig-file=\"https:\/\/www.peterlindberg.com\/wp-content\/uploads\/2013\/01\/DSC4687.jpg\" data-orig-size=\"1280,848\" data-comments-opened=\"0\" data-image-meta=\"{&quot;aperture&quot;:&quot;0&quot;,&quot;credit&quot;:&quot;Peter Lindberg&quot;,&quot;camera&quot;:&quot;&quot;,&quot;caption&quot;:&quot;&quot;,&quot;created_timestamp&quot;:&quot;1453284005&quot;,&quot;copyright&quot;:&quot;\\u00a9 Peter Lindberg 2013&quot;,&quot;focal_length&quot;:&quot;0&quot;,&quot;iso&quot;:&quot;0&quot;,&quot;shutter_speed&quot;:&quot;0&quot;,&quot;title&quot;:&quot;&quot;,&quot;orientation&quot;:&quot;0&quot;}\" data-image-title=\"Johan Palmborg &amp;#8211; Fotograf Peter Lindberg\" data-image-description=\"&lt;p&gt;Fotograf Johan Palmborg fotograferad av Peter Lindberg&lt;\/p&gt;\n\" data-image-caption=\"&lt;p&gt;Johan Palmborg&lt;\/p&gt;\n\" data-large-file=\"https:\/\/www.peterlindberg.com\/wp-content\/uploads\/2013\/01\/DSC4687-940x623.jpg\" \/><\/a>\n\t\t\t<\/dt>\n\t\t\t\t<dd class='wp-caption-text gallery-caption' id='gallery-1-3558'>\n\t\t\t\tJohan Palmborg\n\t\t\t\t<\/dd><\/dl><dl class='gallery-item'>\n\t\t\t<dt class='gallery-icon landscape'>\n\t\t\t\t<a href='https:\/\/www.peterlindberg.com\/wp-content\/uploads\/2013\/01\/img186.jpg'><img loading=\"lazy\" decoding=\"async\" width=\"150\" height=\"150\" src=\"https:\/\/www.peterlindberg.com\/wp-content\/uploads\/2013\/01\/img186-150x150.jpg\" class=\"attachment-thumbnail size-thumbnail\" alt=\"Regina - Fotograf Peter Lindberg\" aria-describedby=\"gallery-1-2702\" data-attachment-id=\"2702\" data-permalink=\"https:\/\/www.peterlindberg.com\/index.php\/portraits\/img186\/\" data-orig-file=\"https:\/\/www.peterlindberg.com\/wp-content\/uploads\/2013\/01\/img186.jpg\" data-orig-size=\"1280,958\" data-comments-opened=\"0\" data-image-meta=\"{&quot;aperture&quot;:&quot;0&quot;,&quot;credit&quot;:&quot;&quot;,&quot;camera&quot;:&quot;&quot;,&quot;caption&quot;:&quot;&quot;,&quot;created_timestamp&quot;:&quot;0&quot;,&quot;copyright&quot;:&quot;&quot;,&quot;focal_length&quot;:&quot;0&quot;,&quot;iso&quot;:&quot;0&quot;,&quot;shutter_speed&quot;:&quot;0&quot;,&quot;title&quot;:&quot;&quot;}\" data-image-title=\"Regina in the tub\" data-image-description=\"&lt;p&gt;Regina i badet. Sitt vanliga soliga jag. :)&lt;\/p&gt;\n\" data-image-caption=\"&lt;p&gt;Regina&lt;\/p&gt;\n\" data-large-file=\"https:\/\/www.peterlindberg.com\/wp-content\/uploads\/2013\/01\/img186-940x703.jpg\" \/><\/a>\n\t\t\t<\/dt>\n\t\t\t\t<dd class='wp-caption-text gallery-caption' id='gallery-1-2702'>\n\t\t\t\tRegina\n\t\t\t\t<\/dd><\/dl><dl class='gallery-item'>\n\t\t\t<dt class='gallery-icon portrait'>\n\t\t\t\t<a href='https:\/\/www.peterlindberg.com\/wp-content\/uploads\/2013\/02\/DSC9691.jpg'><img loading=\"lazy\" decoding=\"async\" width=\"150\" height=\"150\" src=\"https:\/\/www.peterlindberg.com\/wp-content\/uploads\/2013\/02\/DSC9691-150x150.jpg\" class=\"attachment-thumbnail size-thumbnail\" alt=\"Portr\u00e4tt av Kristian Norling, Norling &amp; Co, av Fotograf Peter Lindberg\" aria-describedby=\"gallery-1-2390\" data-attachment-id=\"2390\" data-permalink=\"https:\/\/www.peterlindberg.com\/index.php\/norling-co\/_dsc9691\/\" data-orig-file=\"https:\/\/www.peterlindberg.com\/wp-content\/uploads\/2013\/02\/DSC9691.jpg\" data-orig-size=\"848,1280\" data-comments-opened=\"0\" data-image-meta=\"{&quot;aperture&quot;:&quot;4&quot;,&quot;credit&quot;:&quot;Peter Lindberg&quot;,&quot;camera&quot;:&quot;NIKON D7000&quot;,&quot;caption&quot;:&quot;&quot;,&quot;created_timestamp&quot;:&quot;1360062623&quot;,&quot;copyright&quot;:&quot;\\u00a9 Peter Lindberg 2013&quot;,&quot;focal_length&quot;:&quot;95&quot;,&quot;iso&quot;:&quot;100&quot;,&quot;shutter_speed&quot;:&quot;0.005&quot;,&quot;title&quot;:&quot;&quot;}\" data-image-title=\"Kristian Norling , Norling &amp;#038; Co &amp;#8211; Fotograf Peter Lindberg\" data-image-description=\"\" data-image-caption=\"&lt;p&gt;Kristian Norling , Norling &amp;#038; Co&lt;\/p&gt;\n\" data-large-file=\"https:\/\/www.peterlindberg.com\/wp-content\/uploads\/2013\/02\/DSC9691.jpg\" \/><\/a>\n\t\t\t<\/dt>\n\t\t\t\t<dd class='wp-caption-text gallery-caption' id='gallery-1-2390'>\n\t\t\t\tKristian Norling , Norling &#038; Co\n\t\t\t\t<\/dd><\/dl><br style=\"clear: both\" \/><dl class='gallery-item'>\n\t\t\t<dt class='gallery-icon portrait'>\n\t\t\t\t<a href='https:\/\/www.peterlindberg.com\/wp-content\/uploads\/2013\/01\/DSC4668.jpg'><img loading=\"lazy\" decoding=\"async\" width=\"150\" height=\"150\" src=\"https:\/\/www.peterlindberg.com\/wp-content\/uploads\/2013\/01\/DSC4668-150x150.jpg\" class=\"attachment-thumbnail size-thumbnail\" alt=\"Fotograf Johan Palmborg fotograferad av Peter Lindberg\" aria-describedby=\"gallery-1-3556\" data-attachment-id=\"3556\" data-permalink=\"https:\/\/www.peterlindberg.com\/index.php\/portraits\/_dsc4668\/\" data-orig-file=\"https:\/\/www.peterlindberg.com\/wp-content\/uploads\/2013\/01\/DSC4668.jpg\" data-orig-size=\"848,1280\" data-comments-opened=\"0\" data-image-meta=\"{&quot;aperture&quot;:&quot;0&quot;,&quot;credit&quot;:&quot;Peter Lindberg&quot;,&quot;camera&quot;:&quot;&quot;,&quot;caption&quot;:&quot;&quot;,&quot;created_timestamp&quot;:&quot;1453283927&quot;,&quot;copyright&quot;:&quot;\\u00a9 Peter Lindberg 2013&quot;,&quot;focal_length&quot;:&quot;0&quot;,&quot;iso&quot;:&quot;0&quot;,&quot;shutter_speed&quot;:&quot;0&quot;,&quot;title&quot;:&quot;&quot;,&quot;orientation&quot;:&quot;0&quot;}\" data-image-title=\"Johan Palmborg &amp;#8211; Fotograf Peter Lindberg\" data-image-description=\"&lt;p&gt;Fotograf Johan Palmborg fotograferad av Peter Lindberg&lt;\/p&gt;\n\" data-image-caption=\"&lt;p&gt;Johan Palmborg&lt;\/p&gt;\n\" data-large-file=\"https:\/\/www.peterlindberg.com\/wp-content\/uploads\/2013\/01\/DSC4668.jpg\" \/><\/a>\n\t\t\t<\/dt>\n\t\t\t\t<dd class='wp-caption-text gallery-caption' id='gallery-1-3556'>\n\t\t\t\tJohan Palmborg\n\t\t\t\t<\/dd><\/dl><dl class='gallery-item'>\n\t\t\t<dt class='gallery-icon portrait'>\n\t\t\t\t<a href='https:\/\/www.peterlindberg.com\/wp-content\/uploads\/2013\/01\/DSC4846-Redigera.jpg'><img loading=\"lazy\" decoding=\"async\" width=\"150\" height=\"150\" src=\"https:\/\/www.peterlindberg.com\/wp-content\/uploads\/2013\/01\/DSC4846-Redigera-150x150.jpg\" class=\"attachment-thumbnail size-thumbnail\" alt=\"Konstn\u00e4r Helene Johansson - Fotograf Peter Lindberg\" aria-describedby=\"gallery-1-3554\" data-attachment-id=\"3554\" data-permalink=\"https:\/\/www.peterlindberg.com\/index.php\/portraits\/_dsc4846-redigera\/\" data-orig-file=\"https:\/\/www.peterlindberg.com\/wp-content\/uploads\/2013\/01\/DSC4846-Redigera.jpg\" data-orig-size=\"848,1280\" data-comments-opened=\"0\" data-image-meta=\"{&quot;aperture&quot;:&quot;10&quot;,&quot;credit&quot;:&quot;Peter Lindberg&quot;,&quot;camera&quot;:&quot;NIKON D7000&quot;,&quot;caption&quot;:&quot;&quot;,&quot;created_timestamp&quot;:&quot;1453467117&quot;,&quot;copyright&quot;:&quot;\\u00a9 Peter Lindberg 2013&quot;,&quot;focal_length&quot;:&quot;150&quot;,&quot;iso&quot;:&quot;100&quot;,&quot;shutter_speed&quot;:&quot;0.005&quot;,&quot;title&quot;:&quot;&quot;,&quot;orientation&quot;:&quot;0&quot;}\" data-image-title=\"Konstn\u00e4r Helene Johansson\" data-image-description=\"&lt;p&gt;Portr\u00e4tt av Konstn\u00e4r Helene Johansson &amp;#8211; Fotograf Peter Lindberg G\u00f6teborg&lt;\/p&gt;\n\" data-image-caption=\"&lt;p&gt;Konstn\u00e4r Helene Johansson &lt;\/p&gt;\n\" data-large-file=\"https:\/\/www.peterlindberg.com\/wp-content\/uploads\/2013\/01\/DSC4846-Redigera.jpg\" \/><\/a>\n\t\t\t<\/dt>\n\t\t\t\t<dd class='wp-caption-text gallery-caption' id='gallery-1-3554'>\n\t\t\t\tKonstn\u00e4r Helene Johansson \n\t\t\t\t<\/dd><\/dl><dl class='gallery-item'>\n\t\t\t<dt class='gallery-icon portrait'>\n\t\t\t\t<a href='https:\/\/www.peterlindberg.com\/wp-content\/uploads\/2013\/02\/DSC9760.jpg'><img loading=\"lazy\" decoding=\"async\" width=\"150\" height=\"150\" src=\"https:\/\/www.peterlindberg.com\/wp-content\/uploads\/2013\/02\/DSC9760-150x150.jpg\" class=\"attachment-thumbnail size-thumbnail\" alt=\"Portr\u00e4tt av Kristian Norling, Norling &amp; Co, av Fotograf Peter Lindberg\" aria-describedby=\"gallery-1-2395\" data-attachment-id=\"2395\" data-permalink=\"https:\/\/www.peterlindberg.com\/index.php\/norling-co\/_dsc9760\/\" data-orig-file=\"https:\/\/www.peterlindberg.com\/wp-content\/uploads\/2013\/02\/DSC9760.jpg\" data-orig-size=\"848,1280\" data-comments-opened=\"0\" data-image-meta=\"{&quot;aperture&quot;:&quot;5.6&quot;,&quot;credit&quot;:&quot;Peter Lindberg&quot;,&quot;camera&quot;:&quot;NIKON D7000&quot;,&quot;caption&quot;:&quot;&quot;,&quot;created_timestamp&quot;:&quot;1360063990&quot;,&quot;copyright&quot;:&quot;\\u00a9 Peter Lindberg 2013&quot;,&quot;focal_length&quot;:&quot;78&quot;,&quot;iso&quot;:&quot;100&quot;,&quot;shutter_speed&quot;:&quot;0.005&quot;,&quot;title&quot;:&quot;&quot;}\" data-image-title=\"Kristian Norling , Norling &amp;#038; Co &amp;#8211; Fotograf Peter Lindberg\" data-image-description=\"\" data-image-caption=\"&lt;p&gt;Kristian Norling , Norling &amp;#038; Co&lt;\/p&gt;\n\" data-large-file=\"https:\/\/www.peterlindberg.com\/wp-content\/uploads\/2013\/02\/DSC9760.jpg\" \/><\/a>\n\t\t\t<\/dt>\n\t\t\t\t<dd class='wp-caption-text gallery-caption' id='gallery-1-2395'>\n\t\t\t\tKristian Norling , Norling &#038; Co\n\t\t\t\t<\/dd><\/dl><dl class='gallery-item'>\n\t\t\t<dt class='gallery-icon portrait'>\n\t\t\t\t<a href='https:\/\/www.peterlindberg.com\/wp-content\/uploads\/2013\/01\/DSC4984-Redigera.jpg'><img loading=\"lazy\" decoding=\"async\" width=\"150\" height=\"150\" src=\"https:\/\/www.peterlindberg.com\/wp-content\/uploads\/2013\/01\/DSC4984-Redigera-150x150.jpg\" class=\"attachment-thumbnail size-thumbnail\" alt=\"Alissa - Fotograf Peter Lindberg G\u00f6teborg\" aria-describedby=\"gallery-1-3564\" data-attachment-id=\"3564\" data-permalink=\"https:\/\/www.peterlindberg.com\/index.php\/portraits\/_dsc4984-redigera\/\" data-orig-file=\"https:\/\/www.peterlindberg.com\/wp-content\/uploads\/2013\/01\/DSC4984-Redigera.jpg\" data-orig-size=\"960,1280\" data-comments-opened=\"0\" data-image-meta=\"{&quot;aperture&quot;:&quot;0&quot;,&quot;credit&quot;:&quot;Peter Lindberg&quot;,&quot;camera&quot;:&quot;&quot;,&quot;caption&quot;:&quot;&quot;,&quot;created_timestamp&quot;:&quot;1453480526&quot;,&quot;copyright&quot;:&quot;\\u00a9 Peter Lindberg 2013&quot;,&quot;focal_length&quot;:&quot;0&quot;,&quot;iso&quot;:&quot;0&quot;,&quot;shutter_speed&quot;:&quot;0&quot;,&quot;title&quot;:&quot;&quot;,&quot;orientation&quot;:&quot;0&quot;}\" data-image-title=\"Alissa &amp;#8211; Fotograf Peter Lindberg\" data-image-description=\"&lt;p&gt;Portr\u00e4tt av Alissa &amp;#8211; Fotograf Peter Lindberg G\u00f6teborg&lt;\/p&gt;\n\" data-image-caption=\"&lt;p&gt;Alissa&lt;\/p&gt;\n\" data-large-file=\"https:\/\/www.peterlindberg.com\/wp-content\/uploads\/2013\/01\/DSC4984-Redigera-940x1253.jpg\" \/><\/a>\n\t\t\t<\/dt>\n\t\t\t\t<dd class='wp-caption-text gallery-caption' id='gallery-1-3564'>\n\t\t\t\tAlissa\n\t\t\t\t<\/dd><\/dl><br style=\"clear: both\" \/><dl class='gallery-item'>\n\t\t\t<dt class='gallery-icon portrait'>\n\t\t\t\t<a href='https:\/\/www.peterlindberg.com\/wp-content\/uploads\/2013\/01\/DSC_0059-1-2.jpg'><img loading=\"lazy\" decoding=\"async\" width=\"150\" height=\"150\" src=\"https:\/\/www.peterlindberg.com\/wp-content\/uploads\/2013\/01\/DSC_0059-1-2-150x150.jpg\" class=\"attachment-thumbnail size-thumbnail\" alt=\"Carolina - Fotograf Peter Lindberg G\u00f6teborg\" aria-describedby=\"gallery-1-2418\" data-attachment-id=\"2418\" data-permalink=\"https:\/\/www.peterlindberg.com\/index.php\/portraits\/style-halogenspot\/\" data-orig-file=\"https:\/\/www.peterlindberg.com\/wp-content\/uploads\/2013\/01\/DSC_0059-1-2.jpg\" data-orig-size=\"770,1024\" data-comments-opened=\"0\" data-image-meta=\"{&quot;aperture&quot;:&quot;0&quot;,&quot;credit&quot;:&quot;&quot;,&quot;camera&quot;:&quot;&quot;,&quot;caption&quot;:&quot;&quot;,&quot;created_timestamp&quot;:&quot;1160781625&quot;,&quot;copyright&quot;:&quot;&quot;,&quot;focal_length&quot;:&quot;0&quot;,&quot;iso&quot;:&quot;0&quot;,&quot;shutter_speed&quot;:&quot;0&quot;,&quot;title&quot;:&quot;Style: \\&quot;Halogenspot\\&quot;&quot;}\" data-image-title=\"Carolina &amp;#8211; Fotograf Peter Lindberg\" data-image-description=\"&lt;p&gt;Fotograf Peter Lindberg G\u00f6teborg Partille&lt;\/p&gt;\n\" data-image-caption=\"&lt;p&gt;Carolina&lt;\/p&gt;\n\" data-large-file=\"https:\/\/www.peterlindberg.com\/wp-content\/uploads\/2013\/01\/DSC_0059-1-2.jpg\" \/><\/a>\n\t\t\t<\/dt>\n\t\t\t\t<dd class='wp-caption-text gallery-caption' id='gallery-1-2418'>\n\t\t\t\tCarolina\n\t\t\t\t<\/dd><\/dl><dl class='gallery-item'>\n\t\t\t<dt class='gallery-icon portrait'>\n\t\t\t\t<a href='https:\/\/www.peterlindberg.com\/wp-content\/uploads\/2013\/01\/DSC4945-Redigera.jpg'><img loading=\"lazy\" decoding=\"async\" width=\"150\" height=\"150\" src=\"https:\/\/www.peterlindberg.com\/wp-content\/uploads\/2013\/01\/DSC4945-Redigera-150x150.jpg\" class=\"attachment-thumbnail size-thumbnail\" alt=\"Alissa - Fotograf Peter Lindberg G\u00f6teborg\" aria-describedby=\"gallery-1-3563\" data-attachment-id=\"3563\" data-permalink=\"https:\/\/www.peterlindberg.com\/index.php\/portraits\/_dsc4945-redigera\/\" data-orig-file=\"https:\/\/www.peterlindberg.com\/wp-content\/uploads\/2013\/01\/DSC4945-Redigera.jpg\" data-orig-size=\"848,1280\" data-comments-opened=\"0\" data-image-meta=\"{&quot;aperture&quot;:&quot;0&quot;,&quot;credit&quot;:&quot;Peter Lindberg&quot;,&quot;camera&quot;:&quot;&quot;,&quot;caption&quot;:&quot;&quot;,&quot;created_timestamp&quot;:&quot;1453477903&quot;,&quot;copyright&quot;:&quot;\\u00a9 Peter Lindberg 2013&quot;,&quot;focal_length&quot;:&quot;0&quot;,&quot;iso&quot;:&quot;0&quot;,&quot;shutter_speed&quot;:&quot;0&quot;,&quot;title&quot;:&quot;&quot;,&quot;orientation&quot;:&quot;0&quot;}\" data-image-title=\"Alissa &amp;#8211; Fotograf Peter Lindberg\" data-image-description=\"&lt;p&gt;Portr\u00e4tt av Alissa &amp;#8211; Fotograf Peter Lindberg G\u00f6teborg&lt;\/p&gt;\n\" data-image-caption=\"&lt;p&gt;Alissa&lt;\/p&gt;\n\" data-large-file=\"https:\/\/www.peterlindberg.com\/wp-content\/uploads\/2013\/01\/DSC4945-Redigera.jpg\" \/><\/a>\n\t\t\t<\/dt>\n\t\t\t\t<dd class='wp-caption-text gallery-caption' id='gallery-1-3563'>\n\t\t\t\tAlissa\n\t\t\t\t<\/dd><\/dl><dl class='gallery-item'>\n\t\t\t<dt class='gallery-icon landscape'>\n\t\t\t\t<a href='https:\/\/www.peterlindberg.com\/wp-content\/uploads\/2013\/01\/DSC_9633.jpg'><img loading=\"lazy\" decoding=\"async\" width=\"150\" height=\"150\" src=\"https:\/\/www.peterlindberg.com\/wp-content\/uploads\/2013\/01\/DSC_9633-150x150.jpg\" class=\"attachment-thumbnail size-thumbnail\" alt=\"H\u00e5llbarjetskampanj V\u00e4gverket - Fotograf Peter Lindberg G\u00f6teborg\" aria-describedby=\"gallery-1-2439\" data-attachment-id=\"2439\" data-permalink=\"https:\/\/www.peterlindberg.com\/index.php\/portraits\/dsc_9633\/\" data-orig-file=\"https:\/\/www.peterlindberg.com\/wp-content\/uploads\/2013\/01\/DSC_9633.jpg\" data-orig-size=\"1280,857\" data-comments-opened=\"0\" data-image-meta=\"{&quot;aperture&quot;:&quot;0&quot;,&quot;credit&quot;:&quot;&quot;,&quot;camera&quot;:&quot;&quot;,&quot;caption&quot;:&quot;&quot;,&quot;created_timestamp&quot;:&quot;0&quot;,&quot;copyright&quot;:&quot;\\u00a9 Peter Lindberg 2007&quot;,&quot;focal_length&quot;:&quot;0&quot;,&quot;iso&quot;:&quot;0&quot;,&quot;shutter_speed&quot;:&quot;0&quot;,&quot;title&quot;:&quot;&quot;}\" data-image-title=\" &amp;#8211; Fotograf Peter Lindberg\" data-image-description=\"&lt;p&gt;H\u00e5llbarjetskampanj V\u00e4gverket &amp;#8211; Fotograf Peter Lindberg Trafikverket&lt;\/p&gt;\n\" data-image-caption=\"&lt;p&gt; &amp;#8211; Fotograf Peter Lindberg&lt;\/p&gt;\n\" data-large-file=\"https:\/\/www.peterlindberg.com\/wp-content\/uploads\/2013\/01\/DSC_9633-940x629.jpg\" \/><\/a>\n\t\t\t<\/dt>\n\t\t\t\t<dd class='wp-caption-text gallery-caption' id='gallery-1-2439'>\n\t\t\t\t &#8211; Fotograf Peter Lindberg\n\t\t\t\t<\/dd><\/dl><dl class='gallery-item'>\n\t\t\t<dt class='gallery-icon portrait'>\n\t\t\t\t<a href='https:\/\/www.peterlindberg.com\/wp-content\/uploads\/2013\/01\/HoneyChildmod.jpg'><img loading=\"lazy\" decoding=\"async\" width=\"150\" height=\"150\" src=\"https:\/\/www.peterlindberg.com\/wp-content\/uploads\/2013\/01\/HoneyChildmod-150x150.jpg\" class=\"attachment-thumbnail size-thumbnail\" alt=\"Carolyn &quot;Honeychild&quot; Coleman; New York 1997 - Fotograf Peter Lindberg G\u00f6teborg\" aria-describedby=\"gallery-1-2440\" data-attachment-id=\"2440\" data-permalink=\"https:\/\/www.peterlindberg.com\/index.php\/portraits\/honeychildmod\/\" data-orig-file=\"https:\/\/www.peterlindberg.com\/wp-content\/uploads\/2013\/01\/HoneyChildmod.jpg\" data-orig-size=\"856,1280\" data-comments-opened=\"0\" data-image-meta=\"{&quot;aperture&quot;:&quot;0&quot;,&quot;credit&quot;:&quot;&quot;,&quot;camera&quot;:&quot;&quot;,&quot;caption&quot;:&quot;&quot;,&quot;created_timestamp&quot;:&quot;0&quot;,&quot;copyright&quot;:&quot;&quot;,&quot;focal_length&quot;:&quot;0&quot;,&quot;iso&quot;:&quot;0&quot;,&quot;shutter_speed&quot;:&quot;0&quot;,&quot;title&quot;:&quot;&quot;}\" data-image-title=\"Carolyn &amp;#8221;Honeychild&amp;#8221; Coleman &amp;#8211; Peter Lindberg photography\" data-image-description=\"&lt;p&gt;Carolyn &amp;#8221;Honeychild&amp;#8221; Coleman &amp;#8211; Peter Lindberg photography fotograf G\u00f6teborg New York USA&lt;\/p&gt;\n\" data-image-caption=\"&lt;p&gt;Carolyn &amp;#8221;Honeychild&amp;#8221; Coleman; New York 1997&lt;\/p&gt;\n\" data-large-file=\"https:\/\/www.peterlindberg.com\/wp-content\/uploads\/2013\/01\/HoneyChildmod.jpg\" \/><\/a>\n\t\t\t<\/dt>\n\t\t\t\t<dd class='wp-caption-text gallery-caption' id='gallery-1-2440'>\n\t\t\t\tCarolyn &#8221;Honeychild&#8221; Coleman; New York 1997\n\t\t\t\t<\/dd><\/dl><br style=\"clear: both\" \/><dl class='gallery-item'>\n\t\t\t<dt class='gallery-icon portrait'>\n\t\t\t\t<a href='https:\/\/www.peterlindberg.com\/wp-content\/uploads\/2013\/01\/DSC_9032.jpg'><img loading=\"lazy\" decoding=\"async\" width=\"150\" height=\"150\" src=\"https:\/\/www.peterlindberg.com\/wp-content\/uploads\/2013\/01\/DSC_9032-150x150.jpg\" class=\"attachment-thumbnail size-thumbnail\" alt=\"Anette glam-shot - Fotograf Peter Lindberg\" aria-describedby=\"gallery-1-2441\" data-attachment-id=\"2441\" data-permalink=\"https:\/\/www.peterlindberg.com\/index.php\/portraits\/dsc_9032\/\" data-orig-file=\"https:\/\/www.peterlindberg.com\/wp-content\/uploads\/2013\/01\/DSC_9032.jpg\" data-orig-size=\"690,1024\" data-comments-opened=\"0\" data-image-meta=\"{&quot;aperture&quot;:&quot;0&quot;,&quot;credit&quot;:&quot;&quot;,&quot;camera&quot;:&quot;&quot;,&quot;caption&quot;:&quot;&quot;,&quot;created_timestamp&quot;:&quot;0&quot;,&quot;copyright&quot;:&quot;\\u00a9Peter Lindberg&quot;,&quot;focal_length&quot;:&quot;0&quot;,&quot;iso&quot;:&quot;0&quot;,&quot;shutter_speed&quot;:&quot;0&quot;,&quot;title&quot;:&quot;&quot;}\" data-image-title=\"Anette glam-shot &amp;#8211; Fotograf Peter Lindberg\" data-image-description=\"&lt;p&gt;Anette glam-shot &amp;#8211; Fotograf Peter Lindberg glamour model g\u00f6teborg&lt;\/p&gt;\n\" data-image-caption=\"&lt;p&gt;Anette&lt;\/p&gt;\n\" data-large-file=\"https:\/\/www.peterlindberg.com\/wp-content\/uploads\/2013\/01\/DSC_9032.jpg\" \/><\/a>\n\t\t\t<\/dt>\n\t\t\t\t<dd class='wp-caption-text gallery-caption' id='gallery-1-2441'>\n\t\t\t\tAnette\n\t\t\t\t<\/dd><\/dl><dl class='gallery-item'>\n\t\t\t<dt class='gallery-icon portrait'>\n\t\t\t\t<a href='https:\/\/www.peterlindberg.com\/wp-content\/uploads\/2013\/01\/DSC_9038.jpg'><img loading=\"lazy\" decoding=\"async\" width=\"150\" height=\"150\" src=\"https:\/\/www.peterlindberg.com\/wp-content\/uploads\/2013\/01\/DSC_9038-150x150.jpg\" class=\"attachment-thumbnail size-thumbnail\" alt=\"Bild av fotograf Peter Lindberg G\u00f6teborg\" aria-describedby=\"gallery-1-2442\" data-attachment-id=\"2442\" data-permalink=\"https:\/\/www.peterlindberg.com\/index.php\/portraits\/dsc_9038\/\" data-orig-file=\"https:\/\/www.peterlindberg.com\/wp-content\/uploads\/2013\/01\/DSC_9038.jpg\" data-orig-size=\"768,1024\" data-comments-opened=\"0\" data-image-meta=\"{&quot;aperture&quot;:&quot;0&quot;,&quot;credit&quot;:&quot;&quot;,&quot;camera&quot;:&quot;&quot;,&quot;caption&quot;:&quot;&quot;,&quot;created_timestamp&quot;:&quot;0&quot;,&quot;copyright&quot;:&quot;\\u00a9Peter Lindberg&quot;,&quot;focal_length&quot;:&quot;0&quot;,&quot;iso&quot;:&quot;0&quot;,&quot;shutter_speed&quot;:&quot;0&quot;,&quot;title&quot;:&quot;&quot;}\" data-image-title=\"Anette: Pineapple Delight &amp;#8211; Photographer Peter Lindberg\" data-image-description=\"&lt;p&gt;Anette: Pineapple Delight &amp;#8211; Photographer Peter Lindberg ananas frukt l\u00e4ppar mun&lt;\/p&gt;\n\" data-image-caption=\"&lt;p&gt;Anette: Pineapple Delight&lt;\/p&gt;\n\" data-large-file=\"https:\/\/www.peterlindberg.com\/wp-content\/uploads\/2013\/01\/DSC_9038.jpg\" \/><\/a>\n\t\t\t<\/dt>\n\t\t\t\t<dd class='wp-caption-text gallery-caption' id='gallery-1-2442'>\n\t\t\t\tAnette: Pineapple Delight\n\t\t\t\t<\/dd><\/dl><dl class='gallery-item'>\n\t\t\t<dt class='gallery-icon portrait'>\n\t\t\t\t<a href='https:\/\/www.peterlindberg.com\/wp-content\/uploads\/2013\/01\/DSC_9059.jpg'><img loading=\"lazy\" decoding=\"async\" width=\"150\" height=\"150\" src=\"https:\/\/www.peterlindberg.com\/wp-content\/uploads\/2013\/01\/DSC_9059-150x150.jpg\" class=\"attachment-thumbnail size-thumbnail\" alt=\"Kerstin - Fotograf Peter Lindberg\" aria-describedby=\"gallery-1-2443\" data-attachment-id=\"2443\" data-permalink=\"https:\/\/www.peterlindberg.com\/index.php\/portraits\/dsc_9059\/\" data-orig-file=\"https:\/\/www.peterlindberg.com\/wp-content\/uploads\/2013\/01\/DSC_9059.jpg\" data-orig-size=\"796,1024\" data-comments-opened=\"0\" data-image-meta=\"{&quot;aperture&quot;:&quot;0&quot;,&quot;credit&quot;:&quot;&quot;,&quot;camera&quot;:&quot;&quot;,&quot;caption&quot;:&quot;&quot;,&quot;created_timestamp&quot;:&quot;0&quot;,&quot;copyright&quot;:&quot;&quot;,&quot;focal_length&quot;:&quot;0&quot;,&quot;iso&quot;:&quot;0&quot;,&quot;shutter_speed&quot;:&quot;0&quot;,&quot;title&quot;:&quot;&quot;}\" data-image-title=\"Kerstin &amp;#8211; Fotograf Peter Lindberg\" data-image-description=\"\" data-image-caption=\"&lt;p&gt;Kerstin&lt;\/p&gt;\n\" data-large-file=\"https:\/\/www.peterlindberg.com\/wp-content\/uploads\/2013\/01\/DSC_9059.jpg\" \/><\/a>\n\t\t\t<\/dt>\n\t\t\t\t<dd class='wp-caption-text gallery-caption' id='gallery-1-2443'>\n\t\t\t\tKerstin\n\t\t\t\t<\/dd><\/dl><dl class='gallery-item'>\n\t\t\t<dt class='gallery-icon portrait'>\n\t\t\t\t<a href='https:\/\/www.peterlindberg.com\/wp-content\/uploads\/2013\/01\/img185.jpg'><img loading=\"lazy\" decoding=\"async\" width=\"150\" height=\"150\" src=\"https:\/\/www.peterlindberg.com\/wp-content\/uploads\/2013\/01\/img185-150x150.jpg\" class=\"attachment-thumbnail size-thumbnail\" alt=\"Anette - Fotograf Peter Lindberg G\u00f6teborg\" aria-describedby=\"gallery-1-2700\" data-attachment-id=\"2700\" data-permalink=\"https:\/\/www.peterlindberg.com\/index.php\/portraits\/img185\/\" data-orig-file=\"https:\/\/www.peterlindberg.com\/wp-content\/uploads\/2013\/01\/img185.jpg\" data-orig-size=\"953,1280\" data-comments-opened=\"0\" data-image-meta=\"{&quot;aperture&quot;:&quot;0&quot;,&quot;credit&quot;:&quot;&quot;,&quot;camera&quot;:&quot;&quot;,&quot;caption&quot;:&quot;&quot;,&quot;created_timestamp&quot;:&quot;0&quot;,&quot;copyright&quot;:&quot;&quot;,&quot;focal_length&quot;:&quot;0&quot;,&quot;iso&quot;:&quot;0&quot;,&quot;shutter_speed&quot;:&quot;0&quot;,&quot;title&quot;:&quot;&quot;}\" data-image-title=\"Anette &amp;#8211; Musikalartist\" data-image-description=\"&lt;p&gt;Anette portr\u00e4tterad strax f\u00f6re sin examen fr\u00e5n Balettakamins musikallinje 1996&lt;\/p&gt;\n\" data-image-caption=\"&lt;p&gt;Anette&lt;\/p&gt;\n\" data-large-file=\"https:\/\/www.peterlindberg.com\/wp-content\/uploads\/2013\/01\/img185-940x1262.jpg\" \/><\/a>\n\t\t\t<\/dt>\n\t\t\t\t<dd class='wp-caption-text gallery-caption' id='gallery-1-2700'>\n\t\t\t\tAnette\n\t\t\t\t<\/dd><\/dl><br style=\"clear: both\" \/>\n\t\t<\/div>\n\n<h2><\/h2>\n<h2>Portr\u00e4tt &#8211; kanske de viktigaste bilderna!<\/h2>\n<p>Portr\u00e4tt kan g\u00f6ras p\u00e5 s\u00e5 m\u00e5nga olika s\u00e4tt! Mitt s\u00e4tt att jobba g\u00e5r ut p\u00e5 att fr\u00e5ga kunden vad bilderna ska vara till och f\u00f6rs\u00f6ka jobba fram en stil och ett uttryck som passar kundens behov. Ibland kan man ta ut sv\u00e4ngarna lite mer och d\u00e5 blir det extra roligt. Men samtidigt kan ett traditionellt portr\u00e4tt med klassisk ljuss\u00e4ttning vara v\u00e4l s\u00e5 utmanande. F\u00f6r mig \u00e4r det viktigt att man ska f\u00e5 bra kontakt med objektet f\u00f6r att det ska bli en bra bild. Beh\u00f6ver du eller din verksamhet bilder av m\u00e4nniskor tveka inte att h\u00f6ra av dig. Kika g\u00e4rna p\u00e5 p\u00e5 \u00f6vriga gallerier, s\u00e5 som <a title=\"Fashion - Modebilder av Peter Lindberg\" href=\"https:\/\/www.peterlindberg.com\/index.php\/fashion-portfolio\/\">Fashion<\/a> och <a title=\"Editorial &amp; More - Semi-redaktionellt och liknande av Fotograf Peter Lindberg\" href=\"https:\/\/www.peterlindberg.com\/index.php\/editorial-portfolio\/\">Editorial<\/a> f\u00f6r att f\u00e5 fler vinklar p\u00e5 vad ett portr\u00e4tt kan vara!<\/p>\n<p>&nbsp;<\/p>\n<h2>Portraits &#8211; maybe the most important images!<\/h2>\n<p>Portraits can be made in Many different ways. My approach is to ask the client what the goal is, what they want to achieve with the images, and try to work out a style and expression that serves that purpose. Sometimes you can go that extra length and work outside the box and those images are the most fun to do. At the same time can a traditional portrait with traditional lighting prove just as challenging and interesting as you tent get quite intimate with the subject on a mental level doing these kind of images.<\/p>\n","protected":false},"excerpt":{"rendered":"<p>Portr\u00e4tt &#8211; kanske de viktigaste bilderna! Portr\u00e4tt kan g\u00f6ras p\u00e5 s\u00e5 m\u00e5nga olika s\u00e4tt! Mitt s\u00e4tt att jobba g\u00e5r ut p\u00e5 att fr\u00e5ga kunden vad bilderna ska vara till och f\u00f6rs\u00f6ka jobba fram en stil och ett uttryck som passar kundens behov. Ibland kan man ta ut sv\u00e4ngarna lite mer och d\u00e5 blir det extra [&hellip;]<\/p>\n","protected":false},"author":3,"featured_media":0,"parent":0,"menu_order":0,"comment_status":"closed","ping_status":"open","template":"","meta":{"saved_in_kubio":false,"jetpack_post_was_ever_published":false,"footnotes":""},"class_list":["post-1954","page","type-page","status-publish","hentry"],"kubio_ai_page_context":{"short_desc":"","purpose":"general"},"jetpack_shortlink":"https:\/\/wp.me\/P30GIn-vw","jetpack_sharing_enabled":true,"jetpack_likes_enabled":true,"_links":{"self":[{"href":"https:\/\/www.peterlindberg.com\/index.php\/wp-json\/wp\/v2\/pages\/1954","targetHints":{"allow":["GET"]}}],"collection":[{"href":"https:\/\/www.peterlindberg.com\/index.php\/wp-json\/wp\/v2\/pages"}],"about":[{"href":"https:\/\/www.peterlindberg.com\/index.php\/wp-json\/wp\/v2\/types\/page"}],"author":[{"embeddable":true,"href":"https:\/\/www.peterlindberg.com\/index.php\/wp-json\/wp\/v2\/users\/3"}],"replies":[{"embeddable":true,"href":"https:\/\/www.peterlindberg.com\/index.php\/wp-json\/wp\/v2\/comments?post=1954"}],"version-history":[{"count":0,"href":"https:\/\/www.peterlindberg.com\/index.php\/wp-json\/wp\/v2\/pages\/1954\/revisions"}],"wp:attachment":[{"href":"https:\/\/www.peterlindberg.com\/index.php\/wp-json\/wp\/v2\/media?parent=1954"}],"curies":[{"name":"wp","href":"https:\/\/api.w.org\/{rel}","templated":true}]}}